{"id":3347,"date":"2020-03-11T10:21:06","date_gmt":"2020-03-11T10:21:06","guid":{"rendered":"https:\/\/www.suoredellepoverelle.it\/ita\/?page_id=3347"},"modified":"2021-01-28T15:03:44","modified_gmt":"2021-01-28T15:03:44","slug":"le-suore-di-ebola","status":"publish","type":"page","link":"https:\/\/www.suoredellepoverelle.it\/ita\/le-suore-di-ebola\/","title":{"rendered":"Le suore di ebola"},"content":{"rendered":"<p><div class=\"fusion-fullwidth fullwidth-box fusion-builder-row-1 fusion-flex-container nonhundred-percent-fullwidth non-hundred-percent-height-scrolling\" style=\"--awb-border-radius-top-left:0px;--awb-border-radius-top-right:0px;--awb-border-radius-bottom-right:0px;--awb-border-radius-bottom-left:0px;--awb-flex-wrap:wrap;\" ><div class=\"fusion-builder-row fusion-row fusion-flex-align-items-flex-start fusion-flex-content-wrap\" style=\"max-width:1216.8px;margin-left: calc(-4% \/ 2 );margin-right: calc(-4% \/ 2 );\"><div class=\"fusion-layout-column fusion_builder_column fusion-builder-column-0 fusion_builder_column_1_2 1_2 fusion-flex-column\" style=\"--awb-bg-size:cover;--awb-width-large:50%;--awb-margin-top-large:0px;--awb-spacing-right-large:3.84%;--awb-margin-bottom-large:20px;--awb-spacing-left-large:3.84%;--awb-width-medium:100%;--awb-order-medium:0;--awb-spacing-right-medium:1.92%;--awb-spacing-left-medium:1.92%;--awb-width-small:100%;--awb-order-small:0;--awb-spacing-right-small:1.92%;--awb-spacing-left-small:1.92%;\"><div class=\"fusion-column-wrapper fusion-column-has-shadow fusion-flex-justify-content-flex-start fusion-content-layout-column\"><div class=\"fusion-text fusion-text-1\"><p style=\"text-align: justify;\">Nello Zaire, oggi Repubblica Democratica del Congo, tra il 25 aprile e il 28 maggio 1995, durante l\u2019epidemia provocata dal virus letale Ebola, in poco pi\u00f9 di un mese, sono morte sei Poverelle, tutte infermiere, prestandosi incondizionatamente per la cura dei malati nell\u2019Ospedale e curandosi tra di loro. Erano missionarie laggi\u00f9 da parecchi anni.<\/p>\n<p style=\"text-align: justify;\">All\u2019Ospedale di Kikwit gi\u00e0 da tempo affluivano malati, che in brevissimo tempo si aggravavano e morivano. Verso il 20 di aprile giunge improvvisa a Bergamo la notizia che <strong>Suor Floralba<\/strong>, colpita da strano malessere, \u00e8 grave e che nella stessa situazione si trovano altri infermieri e medici. Muore il 25 aprile.<\/p>\n<p style=\"text-align: justify;\"><strong>Suor Clarangela<\/strong>, pur provando uno strano senso di stanchezza, continua il suo servizio generoso ai numerosi malati affetti da quello strano malessere.<\/p>\n<div class='yrm-content yrm-content-1 yrm-content-hide  ' id='yrm-lptVW' data-id='1' data-show-status='false' data-after-action='' style=\"visibility: hidden;height: 0;\">\n\t\t\t<div id='yrm-inner-content-yrm-lptVW' class='yrm-inner-content-wrapper yrm-cntent-1'>\n<p style=\"text-align: justify;\">Il Prof. Muyembe, esperto virologo zairese venuto da Kinshasa, esprime subito il sospetto che si tratti di Ebola, poi confermato dal Centro di Atlanta (USA) entro la prima decade di maggio, quando il virus ha gi\u00e0 colpito Suor Clarangela, seconda vittima tra le Suore. Muore il 6 maggio.<\/p>\n<p style=\"text-align: justify;\">La stessa sorte tocca a <strong>Suor Danielangela<\/strong>, contagiata durante la veglia fatta a Suor Floralba, la notte prima che morisse. Dopo alcuni giorni di sofferenza, anche lei nonostante le cure dei medici muore l\u201911 maggio.<\/p>\n<p style=\"text-align: justify;\">A Kikwit, mentre il contagio continua a diffondersi tra i malati e gli operatori sanitari, aumenta la paura e il panico.<\/p>\n<p style=\"text-align: justify;\">Nel frattempo <strong>Suor Dinarosa<\/strong>, rimasta all\u2019ospedale a curare i malati, continuando la sua missione a servizio dei poveri come voleva il Beato Palazzolo, viene contagiata. Muore il 14 maggio.<\/p>\n<p style=\"text-align: justify;\">Si spera che sia la fine! Ma non \u00e8 cos\u00ec!<\/p>\n<p style=\"text-align: justify;\">Ebola \u00e8 gi\u00e0 all\u2019opera nelle due ultime vittime tra le Poverelle: <strong>Suor Annelvira<\/strong>, la Superiora provinciale accorsa da Kinshasa a Kikwit, al capezzale di Suor Floralba e rimasta costantemente accanto alle consorelle contagiate. Muore il 23 maggio.<\/p>\n<p style=\"text-align: justify;\">Anche <strong>Suor Vitarosa<\/strong>, venuta da Kinshasa per la gravit\u00e0 della situazione, si \u00e8 offerta generosamente per la cura delle sorelle malate. Inutili i tentativi di numerosi operatori sanitari che tentano di trattenerla! Si sente chiamata l\u00e0 dal Signore, che l\u2019attende per un\u2019offerta estrema di amore! Muore il 28 maggio.<\/p>\n<p style=\"text-align: justify;\">Sei vite donate, sei donne, che generosamente, senza riserve, hanno offerto la loro vita ai fratelli, secondo il testamento di Ges\u00f9, per cui \u201cnessuno ha un amore pi\u00f9 grande di questo: dare la vita per coloro che si amano\u201d!<\/p>\n<p style=\"text-align: justify;\"><em>da \u201cLa Forza dell\u2019amore\u201d &#8211; don Arturo Bellini<\/div>\n\t\t<\/div><div class='yrm-btn-wrapper yrm-inline-wrapper yrm-btn-wrapper-1  yrm-more-button-wrapper '><span title='' data-less-title='' data-more-title=''  class='yrm-toggle-expand  yrm-toggle-expand-1' data-rel='yrm-lptVW' data-more='Leggi di pi\u00f9' data-less='Chiudi' style='border: none; width: 100%;'><span class=\"yrm-button-text-1 yrm-button-text-span\">Leggi di pi\u00f9<\/span><\/span><\/div>\n<\/em><\/p>\n<\/div><\/div><\/div><div class=\"fusion-layout-column fusion_builder_column fusion-builder-column-1 fusion_builder_column_1_2 1_2 fusion-flex-column\" style=\"--awb-bg-size:cover;--awb-width-large:50%;--awb-margin-top-large:0px;--awb-spacing-right-large:3.84%;--awb-margin-bottom-large:20px;--awb-spacing-left-large:3.84%;--awb-width-medium:100%;--awb-order-medium:0;--awb-spacing-right-medium:1.92%;--awb-spacing-left-medium:1.92%;--awb-width-small:100%;--awb-order-small:0;--awb-spacing-right-small:1.92%;--awb-spacing-left-small:1.92%;\"><div class=\"fusion-column-wrapper fusion-column-has-shadow fusion-flex-justify-content-flex-start fusion-content-layout-column\"><div class=\"fusion-video fusion-selfhosted-video\" style=\"max-width:100%;\"><div class=\"video-wrapper\"><video playsinline=\"true\" width=\"100%\" style=\"object-fit: cover;\" preload=\"auto\" controls=\"1\"><source src=\"https:\/\/www.suoredellepoverelle.it\/ita\/wp-content\/uploads\/2021\/01\/Le%20suore%20di%20Ebola%20-%20Vi.mp4\" type=\"video\/mp4\">Sorry, your browser doesn&#039;t support embedded videos.<\/video><\/div><\/div><\/div><\/div><\/div><\/div><div class=\"fusion-fullwidth fullwidth-box fusion-builder-row-2 fusion-flex-container nonhundred-percent-fullwidth non-hundred-percent-height-scrolling\" style=\"--awb-border-radius-top-left:0px;--awb-border-radius-top-right:0px;--awb-border-radius-bottom-right:0px;--awb-border-radius-bottom-left:0px;--awb-flex-wrap:wrap;\" ><div class=\"fusion-builder-row fusion-row fusion-flex-align-items-flex-start fusion-flex-content-wrap\" style=\"max-width:1216.8px;margin-left: calc(-4% \/ 2 );margin-right: calc(-4% \/ 2 );\"><div class=\"fusion-layout-column fusion_builder_column fusion-builder-column-2 fusion_builder_column_1_1 1_1 fusion-flex-column\" style=\"--awb-bg-size:cover;--awb-width-large:100%;--awb-margin-top-large:0px;--awb-spacing-right-large:1.92%;--awb-margin-bottom-large:20px;--awb-spacing-left-large:1.92%;--awb-width-medium:100%;--awb-order-medium:0;--awb-spacing-right-medium:1.92%;--awb-spacing-left-medium:1.92%;--awb-width-small:100%;--awb-order-small:0;--awb-spacing-right-small:1.92%;--awb-spacing-left-small:1.92%;\"><div class=\"fusion-column-wrapper fusion-column-has-shadow fusion-flex-justify-content-flex-start fusion-content-layout-column\"><div class=\"fusion-title title fusion-title-1 fusion-title-text fusion-title-size-three\"><div class=\"title-sep-container title-sep-container-left fusion-no-large-visibility fusion-no-medium-visibility fusion-no-small-visibility\"><div class=\"title-sep sep- sep-solid\" style=\"border-color:#e2e2e2;\"><\/div><\/div><span class=\"awb-title-spacer fusion-no-large-visibility fusion-no-medium-visibility fusion-no-small-visibility\"><\/span><h3 class=\"fusion-title-heading title-heading-left fusion-responsive-typography-calculated\" style=\"margin:0;--fontSize:28;line-height:1.6;\">Suor Annelvira Ossoli<\/h3><span class=\"awb-title-spacer\"><\/span><div class=\"title-sep-container title-sep-container-right\"><div class=\"title-sep sep- sep-solid\" style=\"border-color:#e2e2e2;\"><\/div><\/div><\/div><div class=\"fusion-separator fusion-full-width-sep\" style=\"align-self: center;margin-left: auto;margin-right: auto;margin-bottom:50px;width:100%;\"><div class=\"fusion-separator-border sep-double sep-solid\" style=\"--awb-height:20px;--awb-amount:20px;--awb-sep-color:#ff9800;border-color:#ff9800;border-top-width:1px;border-bottom-width:1px;\"><\/div><\/div><\/div><\/div><div class=\"fusion-layout-column fusion_builder_column fusion-builder-column-3 fusion_builder_column_2_3 2_3 fusion-flex-column\" style=\"--awb-bg-size:cover;--awb-width-large:66.666666666667%;--awb-margin-top-large:0px;--awb-spacing-right-large:2.88%;--awb-margin-bottom-large:20px;--awb-spacing-left-large:2.88%;--awb-width-medium:100%;--awb-order-medium:0;--awb-spacing-right-medium:1.92%;--awb-spacing-left-medium:1.92%;--awb-width-small:100%;--awb-order-small:0;--awb-spacing-right-small:1.92%;--awb-spacing-left-small:1.92%;\"><div class=\"fusion-column-wrapper fusion-column-has-shadow fusion-flex-justify-content-flex-start fusion-content-layout-column\"><div class=\"fusion-audio fusion-audio-1\" style=\"--awb-progress-color:#ffffff;--awb-border-color:var(--awb-color1);--awb-background-color:#222222;--awb-max-width:100%;--awb-border-size:0;--awb-border-top-left-radius:0px;--awb-border-top-right-radius:0px;--awb-border-bottom-right-radius:0px;--awb-border-bottom-left-radius:0px;\"><audio class=\"wp-audio-shortcode\" id=\"audio-3347-1\" preload=\"none\" style=\"width: 100%;\" controls=\"controls\"><source type=\"audio\/mpeg\" src=\"https:\/\/www.suoredellepoverelle.it\/ita\/wp-content\/uploads\/2021\/01\/SuorAnnelvira.mp3?_=1\" \/><a href=\"https:\/\/www.suoredellepoverelle.it\/ita\/wp-content\/uploads\/2021\/01\/SuorAnnelvira.mp3\">https:\/\/www.suoredellepoverelle.it\/ita\/wp-content\/uploads\/2021\/01\/SuorAnnelvira.mp3<\/a><\/audio><\/div><div class=\"fusion-separator fusion-full-width-sep\" style=\"align-self: center;margin-left: auto;margin-right: auto;margin-bottom:50px;width:100%;\"><\/div><div class=\"fusion-text fusion-text-2\"><p style=\"text-align: justify;\">Celestina Ossoli, nome di battesimo di Suor Annelvira, \u00e8 nata nel 1936 ad Orzivecchi (BS), un paese sulla sponda sinistra del fiume Oglio, terza dei quattro figli di pap\u00e0 Lodovico e di Elvira Zerbini. Dotata di temperamento sereno, vive l\u2019infanzia divertendosi con i semplici giochi possibili a quei tempi, aiutando anche la mamma in un piccolo negozio \u201cminimarket\u201d o il pap\u00e0 nel lavoro degli orti.<\/p>\n<p style=\"text-align: justify;\">In paese sono presenti le Suore delle Poverelle, e Celestina frequenta volentieri l\u2019oratorio femminile, imparando da loro taglio, cucito e ricamo. Educata ai valori cristiani, cresce rinsaldandosi in un carattere cordiale, allegro. A 14 anni comincia l\u2019apprendistato di magliaia, e lentamente si fa strada in lei il sogno di consacrarsi a Dio e al servizio dei poveri. Lo confida dapprima a mamma Elvira, avendo intuito che pap\u00e0 Lodovico ha per lei un altro progetto: acquistarle una macchina, che le consenta di confezionare capi di maglieria. Infatti, mentre un giorno lavorano insieme negli orti, il pap\u00e0 le manifesta il suo intento: Celestina risponde che si far\u00e0 suora, e si vede arrivare all\u2019improvviso un ceffone tanto forte da cadere in terra e perdere un dente. Ma non desiste dalla sua decisione!<\/p>\n<div class='yrm-content yrm-content-1 yrm-content-hide  ' id='yrm-seTZN' data-id='1' data-show-status='false' data-after-action='' style=\"visibility: hidden;height: 0;\">\n\t\t\t<div id='yrm-inner-content-yrm-seTZN' class='yrm-inner-content-wrapper yrm-cntent-1'><\/p>\n<p style=\"text-align: justify;\">Nel 1953, a 17 anni, \u00e8 a Bergamo, tra le Suore delle Poverelle; riceve la prima formazione ed il nuovo nome, Suor Annelvira, che le richiama quello della mamma. A 20 anni emette la Prima Professione; a Roma, dopo altri due anni, \u00e8 infermiera professionale e quindi a Milano via Aldini, tra gli anziani malati, soli e non autosufficienti, dove passa dalla teoria alla pratica, arricchendosi in esperienza.<\/p>\n<p style=\"text-align: justify;\">\u00c8 inviata in Congo nel 1961, periodo segnato da una grave crisi dopo che la nazione ha ottenuto l\u2019indipendenza dal Belgio. Con l\u2019entusiasmo dei suoi 25 anni si butta nel lavoro giorno e notte, senza risparmio di energie, fino a contrarre una tubercolosi, che la costringe ad un ricovero in clinica a Kinshasa; accetter\u00e0 le cure solo a condizione che gli stessi farmaci usati per lei vengano concessi a tutti gli affetti da tubercolosi nell\u2019Ospedale di Kikwit. Nel 1967 rientra in Italia, frequenta la Scuola di ostetricia all\u2019Universit\u00e0 degli studi a Roma, nel 1969 riparte per il Congo, con destinazione a Kingasani, uno dei quartieri pi\u00f9 poveri e popolosi della periferia di Kinshasa: per otto anni si occupa della maternit\u00e0, seguendo 30-40 nascite al giorno, e la gente la chiama \u201cla donna della vita\u201d!<\/p>\n<p style=\"text-align: justify;\">Nel 1977 ritorna a Kikwit, come superiora della comunit\u00e0; infaticabile come sempre, verso consorelle, malati, tutti, si ammala ancora, alle gambe, ed \u00e8 costretta su carrozzella. Tornata in Italia, con il rischio di rimanere inferma, supera un intervento e ritorna a Kikwit, tra la sua gente, ancora per 11 anni. Poi due anni nella missione di Tumikia, e quindi di nuovo a Kingasani. Nel 1992 \u00e8 scelta come Superiora Provinciale in Africa. Nonostante le fatiche dei viaggi, oltre alla non lieve responsabilit\u00e0, si rivela persona ricca di umanit\u00e0, capace di ascolto, fraterna premura e disponibilit\u00e0 totale.<\/p>\n<p style=\"text-align: justify;\">Al contagio, pur non conosciuto, della prima sorella colpita dal virus, accorre, affrontando un viaggio di oltre 500 Km, e segue con competenza e grande premura le altre tre sorelle colpite da ebola; contagiata lei pure e portata in isolamento, muore il 23 maggio assistita solo dai medici di Atlanta, lontana dalle Sorelle.<\/p>\n<p><\/div>\n\t\t<\/div><div class='yrm-btn-wrapper yrm-inline-wrapper yrm-btn-wrapper-1  yrm-more-button-wrapper '><span title='' data-less-title='' data-more-title=''  class='yrm-toggle-expand  yrm-toggle-expand-1' data-rel='yrm-seTZN' data-more='Leggi di pi\u00f9' data-less='Chiudi' style='border: none; width: 100%;'><span class=\"yrm-button-text-1 yrm-button-text-span\">Leggi di pi\u00f9<\/span><\/span><\/div>\n<\/div><\/div><\/div><div class=\"fusion-layout-column fusion_builder_column fusion-builder-column-4 fusion_builder_column_1_3 1_3 fusion-flex-column\" style=\"--awb-bg-image:url(&#039;https:\/\/www.suoredellepoverelle.it\/ita\/wp-content\/uploads\/2021\/01\/Immagine3.jpg&#039;);--awb-bg-size:cover;--awb-width-large:33.333333333333%;--awb-margin-top-large:0px;--awb-spacing-right-large:5.76%;--awb-margin-bottom-large:20px;--awb-spacing-left-large:5.76%;--awb-width-medium:100%;--awb-order-medium:0;--awb-spacing-right-medium:1.92%;--awb-spacing-left-medium:1.92%;--awb-width-small:100%;--awb-order-small:0;--awb-spacing-right-small:1.92%;--awb-spacing-left-small:1.92%;\"><div class=\"fusion-column-wrapper fusion-column-has-shadow fusion-flex-justify-content-flex-start fusion-content-layout-column fusion-empty-column-bg-image fusion-column-has-bg-image\" data-bg-url=\"https:\/\/www.suoredellepoverelle.it\/ita\/wp-content\/uploads\/2021\/01\/Immagine3.jpg\"><img decoding=\"async\" class=\"fusion-empty-dims-img-placeholder\" aria-label=\"Immagine3\" src=\"data:image\/svg+xml,%3Csvg%20xmlns%3D%27http%3A%2F%2Fwww.w3.org%2F2000%2Fsvg%27%20width%3D%27235%27%20height%3D%27368%27%20viewBox%3D%270%200%20235%20368%27%3E%3Crect%20width%3D%27235%27%20height%3D%27368%27%20fill-opacity%3D%220%22%2F%3E%3C%2Fsvg%3E\"><\/div><\/div><\/div><\/div><div class=\"fusion-fullwidth fullwidth-box fusion-builder-row-3 fusion-flex-container nonhundred-percent-fullwidth non-hundred-percent-height-scrolling\" style=\"--awb-border-radius-top-left:0px;--awb-border-radius-top-right:0px;--awb-border-radius-bottom-right:0px;--awb-border-radius-bottom-left:0px;--awb-flex-wrap:wrap;\" ><div class=\"fusion-builder-row fusion-row fusion-flex-align-items-flex-start fusion-flex-content-wrap\" style=\"max-width:1216.8px;margin-left: calc(-4% \/ 2 );margin-right: calc(-4% \/ 2 );\"><div class=\"fusion-layout-column fusion_builder_column fusion-builder-column-5 fusion_builder_column_1_1 1_1 fusion-flex-column\" style=\"--awb-bg-size:cover;--awb-width-large:100%;--awb-margin-top-large:0px;--awb-spacing-right-large:1.92%;--awb-margin-bottom-large:20px;--awb-spacing-left-large:1.92%;--awb-width-medium:100%;--awb-order-medium:0;--awb-spacing-right-medium:1.92%;--awb-spacing-left-medium:1.92%;--awb-width-small:100%;--awb-order-small:0;--awb-spacing-right-small:1.92%;--awb-spacing-left-small:1.92%;\"><div class=\"fusion-column-wrapper fusion-column-has-shadow fusion-flex-justify-content-flex-start fusion-content-layout-column\"><div class=\"fusion-title title fusion-title-2 fusion-title-text fusion-title-size-three\"><div class=\"title-sep-container title-sep-container-left fusion-no-large-visibility fusion-no-medium-visibility fusion-no-small-visibility\"><div class=\"title-sep sep- sep-solid\" style=\"border-color:#e2e2e2;\"><\/div><\/div><span class=\"awb-title-spacer fusion-no-large-visibility fusion-no-medium-visibility fusion-no-small-visibility\"><\/span><h3 class=\"fusion-title-heading title-heading-left fusion-responsive-typography-calculated\" style=\"margin:0;--fontSize:28;line-height:1.6;\">Suor Clarangela Ghilardi<\/h3><span class=\"awb-title-spacer\"><\/span><div class=\"title-sep-container title-sep-container-right\"><div class=\"title-sep sep- sep-solid\" style=\"border-color:#e2e2e2;\"><\/div><\/div><\/div><div class=\"fusion-separator fusion-full-width-sep\" style=\"align-self: center;margin-left: auto;margin-right: auto;margin-bottom:50px;width:100%;\"><div class=\"fusion-separator-border sep-double sep-solid\" style=\"--awb-height:20px;--awb-amount:20px;--awb-sep-color:#ff9800;border-color:#ff9800;border-top-width:1px;border-bottom-width:1px;\"><\/div><\/div><\/div><\/div><div class=\"fusion-layout-column fusion_builder_column fusion-builder-column-6 fusion_builder_column_1_3 1_3 fusion-flex-column\" style=\"--awb-bg-image:url(&#039;https:\/\/www.suoredellepoverelle.it\/ita\/wp-content\/uploads\/2021\/01\/Immagine33.jpg&#039;);--awb-bg-size:cover;--awb-width-large:33.333333333333%;--awb-margin-top-large:0px;--awb-spacing-right-large:5.76%;--awb-margin-bottom-large:20px;--awb-spacing-left-large:5.76%;--awb-width-medium:100%;--awb-order-medium:0;--awb-spacing-right-medium:1.92%;--awb-spacing-left-medium:1.92%;--awb-width-small:100%;--awb-order-small:0;--awb-spacing-right-small:1.92%;--awb-spacing-left-small:1.92%;\"><div class=\"fusion-column-wrapper fusion-column-has-shadow fusion-flex-justify-content-flex-start fusion-content-layout-column fusion-empty-column-bg-image fusion-column-has-bg-image\" data-bg-url=\"https:\/\/www.suoredellepoverelle.it\/ita\/wp-content\/uploads\/2021\/01\/Immagine33.jpg\"><img decoding=\"async\" class=\"fusion-empty-dims-img-placeholder\" aria-label=\"Immagine33\" src=\"data:image\/svg+xml,%3Csvg%20xmlns%3D%27http%3A%2F%2Fwww.w3.org%2F2000%2Fsvg%27%20width%3D%27623%27%20height%3D%271083%27%20viewBox%3D%270%200%20623%201083%27%3E%3Crect%20width%3D%27623%27%20height%3D%271083%27%20fill-opacity%3D%220%22%2F%3E%3C%2Fsvg%3E\"><\/div><\/div><div class=\"fusion-layout-column fusion_builder_column fusion-builder-column-7 fusion_builder_column_2_3 2_3 fusion-flex-column\" style=\"--awb-bg-size:cover;--awb-width-large:66.666666666667%;--awb-margin-top-large:0px;--awb-spacing-right-large:2.88%;--awb-margin-bottom-large:20px;--awb-spacing-left-large:2.88%;--awb-width-medium:100%;--awb-order-medium:0;--awb-spacing-right-medium:1.92%;--awb-spacing-left-medium:1.92%;--awb-width-small:100%;--awb-order-small:0;--awb-spacing-right-small:1.92%;--awb-spacing-left-small:1.92%;\"><div class=\"fusion-column-wrapper fusion-column-has-shadow fusion-flex-justify-content-flex-start fusion-content-layout-column\"><div class=\"fusion-audio fusion-audio-2\" style=\"--awb-progress-color:#ffffff;--awb-border-color:var(--awb-color1);--awb-background-color:#222222;--awb-max-width:100%;--awb-border-size:0;--awb-border-top-left-radius:0px;--awb-border-top-right-radius:0px;--awb-border-bottom-right-radius:0px;--awb-border-bottom-left-radius:0px;\"><audio class=\"wp-audio-shortcode\" id=\"audio-3347-2\" preload=\"none\" style=\"width: 100%;\" controls=\"controls\"><source type=\"audio\/mpeg\" src=\"https:\/\/www.suoredellepoverelle.it\/ita\/wp-content\/uploads\/2021\/01\/Sr-Clarangela.mp3?_=2\" \/><a href=\"https:\/\/www.suoredellepoverelle.it\/ita\/wp-content\/uploads\/2021\/01\/Sr-Clarangela.mp3\">https:\/\/www.suoredellepoverelle.it\/ita\/wp-content\/uploads\/2021\/01\/Sr-Clarangela.mp3<\/a><\/audio><\/div><div class=\"fusion-separator fusion-full-width-sep\" style=\"align-self: center;margin-left: auto;margin-right: auto;margin-bottom:50px;width:100%;\"><\/div><div class=\"fusion-text fusion-text-3\"><p style=\"text-align: justify;\">Suor Clarangela nasce nel 1931, in una cascina di Trescore (BG), paese all\u2019imbocco della Valle Cavallina. Nella zona sono quasi tutti contadini, per lo pi\u00f9 a mezzadria. In famiglia sono sei: pap\u00e0 Michele, mezzadro dei nobili Gonzenbang, mamma Angiolina Oldrati, e quattro figli. \u00a0\u00a0\u00a0\u00a0\u00a0\u00a0Suor Clarangela, ultima nata, battezzata con il nome di Alessandra, sar\u00e0 per tutti semplicemente Sandra.<\/p>\n<p style=\"text-align: justify;\">Cresce tra campi e stalle, in una vita scandita dai tempi del lavoro, dal campanile della chiesa, dal reciproco aiuto tra vicini. Le condizioni economiche sono precarie e tutti cercano di darsi una mano: anche mamma Angiolina, oltre che seguire la famiglia, \u00e8 operaia in una filanda, e Sandra, finite le elementari \u00e8 subito al lavoro. Le sue braccia, ancora deboli per il lavoro dei campi, sono abili a cucire e confezionare abiti. \u00c8 quanto impara dalla sarta del paese; da adolescente lavora poi in una fabbrica di bottoni, ed in seguito a Milano, seguendo il fratello Mario, tra gli anziani nella Casa di riposo di via Aldini, dove incontra le Suore delle Poverelle.<\/p>\n<div class='yrm-content yrm-content-1 yrm-content-hide  ' id='yrm-B8z6S' data-id='1' data-show-status='false' data-after-action='' style=\"visibility: hidden;height: 0;\">\n\t\t\t<div id='yrm-inner-content-yrm-B8z6S' class='yrm-inner-content-wrapper yrm-cntent-1'><\/p>\n<p style=\"text-align: justify;\">Gi\u00e0 allenata in famiglia a lenire la sofferenza accanto alla sorella Lucia, dalla malferma salute, vede nell\u2019opera delle Suore un ideale da realizzare; in lei si fa chiara la chiamata divina, che a 21 anni la porta a Bergamo, tra le stesse Suore.<\/p>\n<p style=\"text-align: justify;\">Nel ricordo di Madre Clara, la suora da lei molto ammirata a Milano, alla vestizione prende il nome di Suor Clarangela, auspicando di essere un angelo di luce.<\/p>\n<p style=\"text-align: justify;\">Negli anni Cinquanta, alla richiesta della Madre Generale di qualche volontaria per la missione in Congo, Suor Clarangela risponde con cautela: \u201cSe mi \u00e8 chiesto per obbedienza, vado\u201d. \u00c8 proprio scelta e nel 1959 parte per il Congo.<\/p>\n<p style=\"text-align: justify;\">Svolge la sua opera nell\u2019Ospedale generale di Kikwit, nel padiglione della maternit\u00e0, prodigandosi per i tanti malati e poveri; dal 1970 \u00e8 nella missione di Tumikia, sempre tra mamme e bambini, raggiungendo anche i villaggi circostanti; dal 1983 a Mosango, dagli ampi spazi verdi attraversati dagli stretti viali, \u00e8 sempre sulla breccia, e tutti la conoscono come la suora della motoretta.<\/p>\n<p style=\"text-align: justify;\">Dal 1993 \u00e8 nuovamente inviata a Kikwit: da un padiglione all\u2019altro, nella clinica e nella farmacia, ovunque c\u2019\u00e8 bisogno, si dona con la stessa generosit\u00e0, la stessa gioia, il suo caratteristico canticchiare. Dopo il fatidico intervento chirurgico del 12 aprile e la morte degli operatori sanitari coinvolti, tra cui Suor Floralba, aumentano le morti.<\/p>\n<p style=\"text-align: justify;\">Suor Clarangela continua a donarsi, senza risparmiarsi; il suo calvario, dai primi sintomi del 29 aprile, si conclude nel cuore della notte del 6 maggio 1995. Dopo aver pregato nell\u2019angoscia, ma altrettanta fiducia e forza, per lo Zaire, per il suo popolo, per la Chiesa, per le giovani, colei che \u00e8 stata davvero \u201cangelo di luce\u201d per molti sofferenti, ha raggiunto il \u201csuo Signore\u201d!<\/p>\n<p><\/div>\n\t\t<\/div><div class='yrm-btn-wrapper yrm-inline-wrapper yrm-btn-wrapper-1  yrm-more-button-wrapper '><span title='' data-less-title='' data-more-title=''  class='yrm-toggle-expand  yrm-toggle-expand-1' data-rel='yrm-B8z6S' data-more='Leggi di pi\u00f9' data-less='Chiudi' style='border: none; width: 100%;'><span class=\"yrm-button-text-1 yrm-button-text-span\">Leggi di pi\u00f9<\/span><\/span><\/div>\n<\/div><\/div><\/div><\/div><\/div><div class=\"fusion-fullwidth fullwidth-box fusion-builder-row-4 fusion-flex-container nonhundred-percent-fullwidth non-hundred-percent-height-scrolling\" style=\"--awb-border-radius-top-left:0px;--awb-border-radius-top-right:0px;--awb-border-radius-bottom-right:0px;--awb-border-radius-bottom-left:0px;--awb-flex-wrap:wrap;\" ><div class=\"fusion-builder-row fusion-row fusion-flex-align-items-flex-start fusion-flex-content-wrap\" style=\"max-width:1216.8px;margin-left: calc(-4% \/ 2 );margin-right: calc(-4% \/ 2 );\"><div class=\"fusion-layout-column fusion_builder_column fusion-builder-column-8 fusion_builder_column_1_1 1_1 fusion-flex-column\" style=\"--awb-bg-size:cover;--awb-width-large:100%;--awb-margin-top-large:0px;--awb-spacing-right-large:1.92%;--awb-margin-bottom-large:20px;--awb-spacing-left-large:1.92%;--awb-width-medium:100%;--awb-order-medium:0;--awb-spacing-right-medium:1.92%;--awb-spacing-left-medium:1.92%;--awb-width-small:100%;--awb-order-small:0;--awb-spacing-right-small:1.92%;--awb-spacing-left-small:1.92%;\"><div class=\"fusion-column-wrapper fusion-column-has-shadow fusion-flex-justify-content-flex-start fusion-content-layout-column\"><div class=\"fusion-title title fusion-title-3 fusion-title-text fusion-title-size-three\"><div class=\"title-sep-container title-sep-container-left fusion-no-large-visibility fusion-no-medium-visibility fusion-no-small-visibility\"><div class=\"title-sep sep- sep-solid\" style=\"border-color:#e2e2e2;\"><\/div><\/div><span class=\"awb-title-spacer fusion-no-large-visibility fusion-no-medium-visibility fusion-no-small-visibility\"><\/span><h3 class=\"fusion-title-heading title-heading-left fusion-responsive-typography-calculated\" style=\"margin:0;--fontSize:28;line-height:1.6;\">Suor Danielangela Sorti<\/h3><span class=\"awb-title-spacer\"><\/span><div class=\"title-sep-container title-sep-container-right\"><div class=\"title-sep sep- sep-solid\" style=\"border-color:#e2e2e2;\"><\/div><\/div><\/div><div class=\"fusion-separator fusion-full-width-sep\" style=\"align-self: center;margin-left: auto;margin-right: auto;margin-bottom:50px;width:100%;\"><div class=\"fusion-separator-border sep-double sep-solid\" style=\"--awb-height:20px;--awb-amount:20px;--awb-sep-color:#ff9800;border-color:#ff9800;border-top-width:1px;border-bottom-width:1px;\"><\/div><\/div><\/div><\/div><div class=\"fusion-layout-column fusion_builder_column fusion-builder-column-9 fusion_builder_column_2_3 2_3 fusion-flex-column\" style=\"--awb-bg-size:cover;--awb-width-large:66.666666666667%;--awb-margin-top-large:0px;--awb-spacing-right-large:2.88%;--awb-margin-bottom-large:20px;--awb-spacing-left-large:2.88%;--awb-width-medium:100%;--awb-order-medium:0;--awb-spacing-right-medium:1.92%;--awb-spacing-left-medium:1.92%;--awb-width-small:100%;--awb-order-small:0;--awb-spacing-right-small:1.92%;--awb-spacing-left-small:1.92%;\"><div class=\"fusion-column-wrapper fusion-column-has-shadow fusion-flex-justify-content-flex-start fusion-content-layout-column\"><div class=\"fusion-audio fusion-audio-3\" style=\"--awb-progress-color:#ffffff;--awb-border-color:var(--awb-color1);--awb-background-color:#222222;--awb-max-width:100%;--awb-border-size:0;--awb-border-top-left-radius:0px;--awb-border-top-right-radius:0px;--awb-border-bottom-right-radius:0px;--awb-border-bottom-left-radius:0px;\"><audio class=\"wp-audio-shortcode\" id=\"audio-3347-3\" preload=\"none\" style=\"width: 100%;\" controls=\"controls\"><source type=\"audio\/mpeg\" src=\"https:\/\/www.suoredellepoverelle.it\/ita\/wp-content\/uploads\/2021\/01\/Suor-Danielangela.mp3?_=3\" \/><a href=\"https:\/\/www.suoredellepoverelle.it\/ita\/wp-content\/uploads\/2021\/01\/Suor-Danielangela.mp3\">https:\/\/www.suoredellepoverelle.it\/ita\/wp-content\/uploads\/2021\/01\/Suor-Danielangela.mp3<\/a><\/audio><\/div><div class=\"fusion-separator fusion-full-width-sep\" style=\"align-self: center;margin-left: auto;margin-right: auto;margin-bottom:50px;width:100%;\"><\/div><div class=\"fusion-text fusion-text-4\"><p style=\"text-align: justify;\">Tredicesima dei figli, tra i quali sette sopravvissuti, Suor Danielangela \u00e8 nata a Bergamo, nel quartiere Loreto, da Daniele e Angela Bacis il 15 giugno 1947. Accolta in famiglia come un dono e festeggiata come una benedizione, nel Battesimo riceve il nome di Anna e le fa da madrina la sorella Maria, di 17 anni. Trascorre un\u2019infanzia tranquilla, molto amata ed insieme educata alla solidariet\u00e0, essendo molti in casa.<\/p>\n<p style=\"text-align: justify;\">A 9 anni incontra il dolore: muore il pap\u00e0 Daniele, l\u2019anno successivo la mamma Angela e nel 1958 il fratello Tarcisio, in un incidente. \u00c8 costretta a crescere in fretta, per sopperire alle necessit\u00e0 della famiglia e aiutare i fratelli. Provata dalla sofferenza e dalle precoci fatiche, si ritrova scontenta e svagata. Cerca e trova un lavoro anche fuori casa, contesto dove si interroga come ritrovare la pace interiore. Le viene la risposta al pensiero di farsi suora, pensiero per\u00f2 scacciato come una tentazione.<\/p>\n<div class='yrm-content yrm-content-1 yrm-content-hide  ' id='yrm-r5s3Q' data-id='1' data-show-status='false' data-after-action='' style=\"visibility: hidden;height: 0;\">\n\t\t\t<div id='yrm-inner-content-yrm-r5s3Q' class='yrm-inner-content-wrapper yrm-cntent-1'><\/p>\n<p style=\"text-align: justify;\">Alla lotta e ricerca segue in lei la disponibilit\u00e0 per entrare nella famiglia delle Poverelle. Decisa, supera ogni difficolt\u00e0, compreso l\u2019ostacolo dell\u2019et\u00e0 non ancora maggiorenne, che la porta persino in Tribunale; ma grazie al consenso della tutrice e l\u2019approvazione del Parroco, il 1\u00b0 maggio 1966 \u00e8 a Bergamo, verso la consacrazione.<\/p>\n<p style=\"text-align: justify;\">Alla vestizione prende il nome di Suor Danielangela, nel ricordo del pap\u00e0 e della mamma, e nel settembre 1968 emette la Prima Professione religiosa. A Milano completa la preparazione professionale come infermiera e inizia la sua generosa dedizione tra gli anziani ammalati. Avverte ben presto il rischio che l\u2019attivit\u00e0 materiale prevalga sulla dimensione spirituale, intensifica la preghiera, sente e manifesta anche esteriormente il desiderio della vita contemplativa. Per aiutarla nel discernimento, la Madre Generale le chiede la disponibilit\u00e0 per la missione in Congo.<\/p>\n<p style=\"text-align: justify;\">Suor Danielangela parte nel luglio 1978: raggiunge Mosango, e si dona tra tubercolosi, diabetici, denutriti, malati, poveri.<\/p>\n<p style=\"text-align: justify;\">Nel 1983 passa a Kikimi, quartiere poverissimo di 80 mila abitanti. \u00c8 attivissima, tra poveri e malati; le mamme partoriscono in terra e lei \u00e8 felice quando pu\u00f2 inaugurare la nuova Maternit\u00e0!<\/p>\n<p style=\"text-align: justify;\">Nel 1991 \u00e8 nella missione di Tumikia, responsabile della comunit\u00e0: trova nella preghiera la forza per affrontare i tanti bisogni che premono da ogni parte.<\/p>\n<p style=\"text-align: justify;\">Nel 1995 il contagio di Ebola! Di ritorno da Kinshasa, a 400 Km, si offre per vegliare Suor Floralba. Da Tumikia, dopo altri 120 km, raggiunge Mosango, presta le attenzioni pi\u00f9 premurose alla consorella che il virus Ebola gi\u00e0 ha devastato. Proprio in quei gesti di amorevole cura fraterna il virus Killer la contagia ed in pochi giorni completa la sua opera di distruzione: Suor Danielangela muore l\u201911 maggio 1995. Ha realizzato il suo ideale secondo cui \u201cl\u2019Amore chiede amore\u201d!<\/p>\n<p><\/div>\n\t\t<\/div><div class='yrm-btn-wrapper yrm-inline-wrapper yrm-btn-wrapper-1  yrm-more-button-wrapper '><span title='' data-less-title='' data-more-title=''  class='yrm-toggle-expand  yrm-toggle-expand-1' data-rel='yrm-r5s3Q' data-more='Leggi di pi\u00f9' data-less='Chiudi' style='border: none; width: 100%;'><span class=\"yrm-button-text-1 yrm-button-text-span\">Leggi di pi\u00f9<\/span><\/span><\/div>\n<\/div><\/div><\/div><div class=\"fusion-layout-column fusion_builder_column fusion-builder-column-10 fusion_builder_column_1_3 1_3 fusion-flex-column\" style=\"--awb-bg-image:url(&#039;https:\/\/www.suoredellepoverelle.it\/ita\/wp-content\/uploads\/2021\/01\/Immagine11.jpg&#039;);--awb-bg-size:cover;--awb-width-large:33.333333333333%;--awb-margin-top-large:0px;--awb-spacing-right-large:5.76%;--awb-margin-bottom-large:20px;--awb-spacing-left-large:5.76%;--awb-width-medium:100%;--awb-order-medium:0;--awb-spacing-right-medium:1.92%;--awb-spacing-left-medium:1.92%;--awb-width-small:100%;--awb-order-small:0;--awb-spacing-right-small:1.92%;--awb-spacing-left-small:1.92%;\"><div class=\"fusion-column-wrapper fusion-column-has-shadow fusion-flex-justify-content-flex-start fusion-content-layout-column fusion-empty-column-bg-image fusion-column-has-bg-image\" data-bg-url=\"https:\/\/www.suoredellepoverelle.it\/ita\/wp-content\/uploads\/2021\/01\/Immagine11.jpg\"><img decoding=\"async\" class=\"fusion-empty-dims-img-placeholder\" aria-label=\"Immagine11\" src=\"data:image\/svg+xml,%3Csvg%20xmlns%3D%27http%3A%2F%2Fwww.w3.org%2F2000%2Fsvg%27%20width%3D%27236%27%20height%3D%27369%27%20viewBox%3D%270%200%20236%20369%27%3E%3Crect%20width%3D%27236%27%20height%3D%27369%27%20fill-opacity%3D%220%22%2F%3E%3C%2Fsvg%3E\"><\/div><\/div><\/div><\/div><div class=\"fusion-fullwidth fullwidth-box fusion-builder-row-5 fusion-flex-container nonhundred-percent-fullwidth non-hundred-percent-height-scrolling\" style=\"--awb-border-radius-top-left:0px;--awb-border-radius-top-right:0px;--awb-border-radius-bottom-right:0px;--awb-border-radius-bottom-left:0px;--awb-flex-wrap:wrap;\" ><div class=\"fusion-builder-row fusion-row fusion-flex-align-items-flex-start fusion-flex-content-wrap\" style=\"max-width:1216.8px;margin-left: calc(-4% \/ 2 );margin-right: calc(-4% \/ 2 );\"><div class=\"fusion-layout-column fusion_builder_column fusion-builder-column-11 fusion_builder_column_1_1 1_1 fusion-flex-column\" style=\"--awb-bg-size:cover;--awb-width-large:100%;--awb-margin-top-large:0px;--awb-spacing-right-large:1.92%;--awb-margin-bottom-large:20px;--awb-spacing-left-large:1.92%;--awb-width-medium:100%;--awb-order-medium:0;--awb-spacing-right-medium:1.92%;--awb-spacing-left-medium:1.92%;--awb-width-small:100%;--awb-order-small:0;--awb-spacing-right-small:1.92%;--awb-spacing-left-small:1.92%;\"><div class=\"fusion-column-wrapper fusion-column-has-shadow fusion-flex-justify-content-flex-start fusion-content-layout-column\"><div class=\"fusion-title title fusion-title-4 fusion-title-text fusion-title-size-three\"><div class=\"title-sep-container title-sep-container-left fusion-no-large-visibility fusion-no-medium-visibility fusion-no-small-visibility\"><div class=\"title-sep sep- sep-solid\" style=\"border-color:#e2e2e2;\"><\/div><\/div><span class=\"awb-title-spacer fusion-no-large-visibility fusion-no-medium-visibility fusion-no-small-visibility\"><\/span><h3 class=\"fusion-title-heading title-heading-left fusion-responsive-typography-calculated\" style=\"margin:0;--fontSize:28;line-height:1.6;\">Suor Dinarosa Belleri<\/h3><span class=\"awb-title-spacer\"><\/span><div class=\"title-sep-container title-sep-container-right\"><div class=\"title-sep sep- sep-solid\" style=\"border-color:#e2e2e2;\"><\/div><\/div><\/div><div class=\"fusion-separator fusion-full-width-sep\" style=\"align-self: center;margin-left: auto;margin-right: auto;margin-bottom:50px;width:100%;\"><div class=\"fusion-separator-border sep-double sep-solid\" style=\"--awb-height:20px;--awb-amount:20px;--awb-sep-color:#ff9800;border-color:#ff9800;border-top-width:1px;border-bottom-width:1px;\"><\/div><\/div><\/div><\/div><div class=\"fusion-layout-column fusion_builder_column fusion-builder-column-12 fusion_builder_column_1_3 1_3 fusion-flex-column\" style=\"--awb-bg-image:url(&#039;https:\/\/www.suoredellepoverelle.it\/ita\/wp-content\/uploads\/2021\/01\/Immagine17.jpg&#039;);--awb-bg-size:cover;--awb-width-large:33.333333333333%;--awb-margin-top-large:0px;--awb-spacing-right-large:5.76%;--awb-margin-bottom-large:20px;--awb-spacing-left-large:5.76%;--awb-width-medium:100%;--awb-order-medium:0;--awb-spacing-right-medium:1.92%;--awb-spacing-left-medium:1.92%;--awb-width-small:100%;--awb-order-small:0;--awb-spacing-right-small:1.92%;--awb-spacing-left-small:1.92%;\"><div class=\"fusion-column-wrapper fusion-column-has-shadow fusion-flex-justify-content-flex-start fusion-content-layout-column fusion-empty-column-bg-image fusion-column-has-bg-image\" data-bg-url=\"https:\/\/www.suoredellepoverelle.it\/ita\/wp-content\/uploads\/2021\/01\/Immagine17.jpg\"><img decoding=\"async\" class=\"fusion-empty-dims-img-placeholder\" aria-label=\"Immagine17\" src=\"data:image\/svg+xml,%3Csvg%20xmlns%3D%27http%3A%2F%2Fwww.w3.org%2F2000%2Fsvg%27%20width%3D%27258%27%20height%3D%27353%27%20viewBox%3D%270%200%20258%20353%27%3E%3Crect%20width%3D%27258%27%20height%3D%27353%27%20fill-opacity%3D%220%22%2F%3E%3C%2Fsvg%3E\"><\/div><\/div><div class=\"fusion-layout-column fusion_builder_column fusion-builder-column-13 fusion_builder_column_2_3 2_3 fusion-flex-column\" style=\"--awb-bg-size:cover;--awb-width-large:66.666666666667%;--awb-margin-top-large:0px;--awb-spacing-right-large:2.88%;--awb-margin-bottom-large:20px;--awb-spacing-left-large:2.88%;--awb-width-medium:100%;--awb-order-medium:0;--awb-spacing-right-medium:1.92%;--awb-spacing-left-medium:1.92%;--awb-width-small:100%;--awb-order-small:0;--awb-spacing-right-small:1.92%;--awb-spacing-left-small:1.92%;\"><div class=\"fusion-column-wrapper fusion-column-has-shadow fusion-flex-justify-content-flex-start fusion-content-layout-column\"><div class=\"fusion-audio fusion-audio-4\" style=\"--awb-progress-color:#ffffff;--awb-border-color:var(--awb-color1);--awb-background-color:#222222;--awb-max-width:100%;--awb-border-size:0;--awb-border-top-left-radius:0px;--awb-border-top-right-radius:0px;--awb-border-bottom-right-radius:0px;--awb-border-bottom-left-radius:0px;\"><audio class=\"wp-audio-shortcode\" id=\"audio-3347-4\" preload=\"none\" style=\"width: 100%;\" controls=\"controls\"><source type=\"audio\/mpeg\" src=\"https:\/\/www.suoredellepoverelle.it\/ita\/wp-content\/uploads\/2021\/01\/Suor-Dinarosa.mp3?_=4\" \/><a href=\"https:\/\/www.suoredellepoverelle.it\/ita\/wp-content\/uploads\/2021\/01\/Suor-Dinarosa.mp3\">https:\/\/www.suoredellepoverelle.it\/ita\/wp-content\/uploads\/2021\/01\/Suor-Dinarosa.mp3<\/a><\/audio><\/div><div class=\"fusion-separator fusion-full-width-sep\" style=\"align-self: center;margin-left: auto;margin-right: auto;margin-bottom:50px;width:100%;\"><\/div><div class=\"fusion-text fusion-text-5\"><p style=\"text-align: justify;\">Nella sua casa a Cailina, piccolo paese della Valtrompia (BS), da pap\u00e0 Battista e mamma Maria Riboldi, nel 1936 nasce Teresina Belleri. Cresce accanto alla sorella maggiore, Domenica, e al fratello minore, Pierino, in un clima di fede creato dall\u2019esempio, e di sacrificio, quello richiesto dalla quotidianit\u00e0. Oltre a dedicarsi alla famiglia, il pap\u00e0 lavora infatti in officina e la mamma in un cotonificio.<\/p>\n<p style=\"text-align: justify;\">Terminate le elementari, Teresina collabora nelle faccende domestiche e va anche dalla Agnes\u00ec, cugina della mamma, dove impara il lavoro di sarta. Ma non \u00e8 un mestiere adatto per una giovane esuberante, piena di energie. Infatti, appena pu\u00f2, lascia ago, forbici e filo per passare ai bulloni di ferro di una fabbrica di Lumezzane.<\/p>\n<div class='yrm-content yrm-content-1 yrm-content-hide  ' id='yrm-2gJWl' data-id='1' data-show-status='false' data-after-action='' style=\"visibility: hidden;height: 0;\">\n\t\t\t<div id='yrm-inner-content-yrm-2gJWl' class='yrm-inner-content-wrapper yrm-cntent-1'><\/p>\n<p style=\"text-align: justify;\">In parrocchia sono presenti le Suore delle Poverelle, le frequenta e le ammira; partecipa con impegno all\u2019Azione Cattolica, approfondendo il messaggio cristiano per poter dare una testimonianza di vita che comprenda anche l\u2019esercizio della carit\u00e0. Ben presto si accende in lei il desiderio di dedicare tutta la vita al Signore.<\/p>\n<p style=\"text-align: justify;\">La sede del lavoro \u00e8 da raggiungere in bicicletta, ma l\u2019ultimo tratto \u00e8 in salita: le amiche la lasciano in un deposito e salgono sul pullman di linea; Teresina invece continua la salita in bicicletta, per tenere in tasca i soldi del biglietto, che le serviranno per il corredo da suora, cos\u00ec da consacrarsi a Dio.<\/p>\n<p style=\"text-align: justify;\">Nel marzo 1957 giunge a Bergamo tra le Suore delle Poverelle: allegra e ottimista segue il cammino di formazione con altre giovani. Alla vestizione riceve il nome di Suor Dinarosa; e sente gi\u00e0 forte il fascino del motto del Fondatore: \u201cIo cerco e raccolgo il rifiuto\u2026\u201d. Lo medita, lo conserva in cuore, prega, e sogna i poveri, soli e abbandonati, in terre lontane.<\/p>\n<p style=\"text-align: justify;\">Dopo la Prima Professione \u00e8 felice di frequentare la Scuola per infermiere professionali e, al termine, di prestare il suo primo servizio a Cagliari, in un ospedale specializzato per forme tubercolari.<\/p>\n<p style=\"text-align: justify;\">Nel 1966 \u00e8 inviata in Congo, nel Centro ospedaliero di Mosango: felice, per 17 anni sar\u00e0 tutta dedita a lebbrosi, affetti da tubercolosi, bambini malati. Nel secondo rientro in Italia, nel 1975, avr\u00e0 la gioia di essere tra i missionari che hanno ricevuto il Crocifisso dal S. Padre Paolo VI. Ripartir\u00e0 con la stessa gioia, verso l\u2019Ospedale di Kikwit, ancora tra lebbrosi, denutriti, affetti da malaria e verminosi, sofferenti di AIDS. Nel 1990 \u00e8 contenta di poter tornare a Cailina, per assistere la mamma, nei suoi ultimi giorni.<\/p>\n<p style=\"text-align: justify;\">Nel gennaio 1995 a Kikwit e nel territorio circostante si registra un numero crescente di morti. Suor Dinarosa continua come sempre, anzi intensifica il suo lavoro. A chi le chiede: \u201cMa non ha paura\u2026?\u201d risponde: \u201c\u2026 sono qui per servire i poveri\u2026\u201d. Contagiata lei pure, muore dopo altre tre consorelle, il 14 maggio 1995.<\/p>\n<p><\/div>\n\t\t<\/div><div class='yrm-btn-wrapper yrm-inline-wrapper yrm-btn-wrapper-1  yrm-more-button-wrapper '><span title='' data-less-title='' data-more-title=''  class='yrm-toggle-expand  yrm-toggle-expand-1' data-rel='yrm-2gJWl' data-more='Leggi di pi\u00f9' data-less='Chiudi' style='border: none; width: 100%;'><span class=\"yrm-button-text-1 yrm-button-text-span\">Leggi di pi\u00f9<\/span><\/span><\/div>\n<\/div><\/div><\/div><\/div><\/div><div class=\"fusion-fullwidth fullwidth-box fusion-builder-row-6 fusion-flex-container nonhundred-percent-fullwidth non-hundred-percent-height-scrolling\" style=\"--awb-border-radius-top-left:0px;--awb-border-radius-top-right:0px;--awb-border-radius-bottom-right:0px;--awb-border-radius-bottom-left:0px;--awb-flex-wrap:wrap;\" ><div class=\"fusion-builder-row fusion-row fusion-flex-align-items-flex-start fusion-flex-content-wrap\" style=\"max-width:1216.8px;margin-left: calc(-4% \/ 2 );margin-right: calc(-4% \/ 2 );\"><div class=\"fusion-layout-column fusion_builder_column fusion-builder-column-14 fusion_builder_column_1_1 1_1 fusion-flex-column\" style=\"--awb-bg-size:cover;--awb-width-large:100%;--awb-margin-top-large:0px;--awb-spacing-right-large:1.92%;--awb-margin-bottom-large:20px;--awb-spacing-left-large:1.92%;--awb-width-medium:100%;--awb-order-medium:0;--awb-spacing-right-medium:1.92%;--awb-spacing-left-medium:1.92%;--awb-width-small:100%;--awb-order-small:0;--awb-spacing-right-small:1.92%;--awb-spacing-left-small:1.92%;\"><div class=\"fusion-column-wrapper fusion-column-has-shadow fusion-flex-justify-content-flex-start fusion-content-layout-column\"><div class=\"fusion-title title fusion-title-5 fusion-title-text fusion-title-size-three\"><div class=\"title-sep-container title-sep-container-left fusion-no-large-visibility fusion-no-medium-visibility fusion-no-small-visibility\"><div class=\"title-sep sep- sep-solid\" style=\"border-color:#e2e2e2;\"><\/div><\/div><span class=\"awb-title-spacer fusion-no-large-visibility fusion-no-medium-visibility fusion-no-small-visibility\"><\/span><h3 class=\"fusion-title-heading title-heading-left fusion-responsive-typography-calculated\" style=\"margin:0;--fontSize:28;line-height:1.6;\">Suor Floralba Rondi<\/h3><span class=\"awb-title-spacer\"><\/span><div class=\"title-sep-container title-sep-container-right\"><div class=\"title-sep sep- sep-solid\" style=\"border-color:#e2e2e2;\"><\/div><\/div><\/div><div class=\"fusion-separator fusion-full-width-sep\" style=\"align-self: center;margin-left: auto;margin-right: auto;margin-bottom:50px;width:100%;\"><div class=\"fusion-separator-border sep-double sep-solid\" style=\"--awb-height:20px;--awb-amount:20px;--awb-sep-color:#ff9800;border-color:#ff9800;border-top-width:1px;border-bottom-width:1px;\"><\/div><\/div><\/div><\/div><div class=\"fusion-layout-column fusion_builder_column fusion-builder-column-15 fusion_builder_column_2_3 2_3 fusion-flex-column\" style=\"--awb-bg-size:cover;--awb-width-large:66.666666666667%;--awb-margin-top-large:0px;--awb-spacing-right-large:2.88%;--awb-margin-bottom-large:20px;--awb-spacing-left-large:2.88%;--awb-width-medium:100%;--awb-order-medium:0;--awb-spacing-right-medium:1.92%;--awb-spacing-left-medium:1.92%;--awb-width-small:100%;--awb-order-small:0;--awb-spacing-right-small:1.92%;--awb-spacing-left-small:1.92%;\"><div class=\"fusion-column-wrapper fusion-column-has-shadow fusion-flex-justify-content-flex-start fusion-content-layout-column\"><div class=\"fusion-audio fusion-audio-5\" style=\"--awb-progress-color:#ffffff;--awb-border-color:var(--awb-color1);--awb-background-color:#222222;--awb-max-width:100%;--awb-border-size:0;--awb-border-top-left-radius:0px;--awb-border-top-right-radius:0px;--awb-border-bottom-right-radius:0px;--awb-border-bottom-left-radius:0px;\"><audio class=\"wp-audio-shortcode\" id=\"audio-3347-5\" preload=\"none\" style=\"width: 100%;\" controls=\"controls\"><source type=\"audio\/mpeg\" src=\"https:\/\/www.suoredellepoverelle.it\/ita\/wp-content\/uploads\/2021\/01\/Suor-Floralba.mp3?_=5\" \/><a href=\"https:\/\/www.suoredellepoverelle.it\/ita\/wp-content\/uploads\/2021\/01\/Suor-Floralba.mp3\">https:\/\/www.suoredellepoverelle.it\/ita\/wp-content\/uploads\/2021\/01\/Suor-Floralba.mp3<\/a><\/audio><\/div><div class=\"fusion-separator fusion-full-width-sep\" style=\"align-self: center;margin-left: auto;margin-right: auto;margin-bottom:50px;width:100%;\"><\/div><div class=\"fusion-text fusion-text-6\"><p style=\"text-align: justify;\">Primogenita tra otto fratelli, nasce a Pedrengo (BG) nel 1924 e nel Battesimo riceve il nome di Rosina. In famiglia respira i valori che vede vissuti nei genitori: laboriosit\u00e0 e sobriet\u00e0, sacrificio e condivisione, preghiera che scandisce il ritmo delle giornate, a partire dalla Messa mattutina alle 5.30.<\/p>\n<p style=\"text-align: justify;\">Sono i tempi duri alla vigilia della seconda guerra mondiale; Rosina ben vede le necessit\u00e0 della numerosa famiglia e a 15 anni trova un lavoro in fabbrica. Ma la morte improvvisa della mamma, di soli 41 anni, dando alla luce la piccola Maria, la riporta a prendersi cura della casa, della sorellina e dei sei fratelli.<\/p>\n<div class='yrm-content yrm-content-1 yrm-content-hide  ' id='yrm-Ilsi7' data-id='1' data-show-status='false' data-after-action='' style=\"visibility: hidden;height: 0;\">\n\t\t\t<div id='yrm-inner-content-yrm-Ilsi7' class='yrm-inner-content-wrapper yrm-cntent-1'><\/p>\n<p style=\"text-align: justify;\">\u00c8 in tale contesto che nasce e cresce in lei il desiderio di donare totalmente la sua vita al Signore, anche se sar\u00e0 necessario un tempo di attesa. Passando il pap\u00e0 a seconde nozze, con il benestare della seconda mamma, Rosina a 19 anni lascia la sua casa e, consigliata dal suo Parroco, raggiunge le Suore di Maria Bambina a Bergamo in via S. Bernardino. Il suo sogno \u00e8 per\u00f2 diverso e si realizza attraverso un suono di campane: quello delle vicine Suore delle Poverelle, che dopo breve tempo diventano la sua famiglia.<\/p>\n<p style=\"text-align: justify;\">Nell\u2019ottobre 1948 Rosina, con il nome di Suor Floralba, emette i voti di castit\u00e0, povert\u00e0 e obbedienza, consacrandosi totalmente a Dio; \u00e8 inviata a Brescia, consegue il diploma di infermiera professionale, e nel 1952 vede realizzarsi il suo pi\u00f9 grande sogno: sar\u00e0 missionaria in Congo, tra le prime cinque inviate nelle missioni d\u2019Africa.<\/p>\n<p style=\"text-align: justify;\">Sconcertante il primo impatto \u201calla vista di quei poveri ammalati\u2026 in condizioni veramente miserabili\u2026 adagiati su povere stuoie\u2026 in tre stamberghe in muratura\u2026\u201d. Ma instancabile sempre la sua donazione, dalla preghiera presto al mattino fino a quella della sera, quando lei sosta a lungo in cappella, dopo una giornata intrisa di concreti gesti di amore ai molti, molti, malati e sofferenti di ogni tipo, che incontra. Cos\u00ec a Kikwit per 25 anni; quindi a Kingasani, tra una folla di poveri, dove lei tutto osa, fino a interpellare il presidente Mobutu perch\u00e9 sopperisca alle necessit\u00e0 pi\u00f9 urgenti dell\u2019ospedale. E poi nel complesso medicale di Mosango, con attenzione particolare ai bambini tubercolotici e diabetici, passando di padiglione in padiglione e donando ad ogni malato un sorriso, una parola, di conforto e incoraggiamento.<\/p>\n<p style=\"text-align: justify;\">Nel 1993 Suor Floralba ritorna di nuovo a Kikwit; ancor pi\u00f9 ricca di esperienza, di amore e di saggezza, si propone di \u201ctestimoniare la bont\u00e0 e l\u2019amore misericordioso del Padre\u2026 con il desiderio di essere\u2026 pi\u00f9 buona, di cercare solo il Signore in tutto\u201d. Dedita come sempre alla sua missione di infermiera, membro dell\u2019\u00e9quipe operatoria che con intervento chirurgico il 12 aprile cerca di soccorrere il malato grave, inconsapevolmente affetto da ebola, \u00e8 contagiata e muore il 25 aprile 1995.<\/p>\n<p style=\"text-align: justify;\">Una vita pienamente realizzata: per tanti anni, tutti i giorni ha offerto fiori nuovi al Signore, seminando tra i fratelli il Suo amore misericordioso!<\/p>\n<p><\/div>\n\t\t<\/div><div class='yrm-btn-wrapper yrm-inline-wrapper yrm-btn-wrapper-1  yrm-more-button-wrapper '><span title='' data-less-title='' data-more-title=''  class='yrm-toggle-expand  yrm-toggle-expand-1' data-rel='yrm-Ilsi7' data-more='Leggi di pi\u00f9' data-less='Chiudi' style='border: none; width: 100%;'><span class=\"yrm-button-text-1 yrm-button-text-span\">Leggi di pi\u00f9<\/span><\/span><\/div>\n<\/div><\/div><\/div><div class=\"fusion-layout-column fusion_builder_column fusion-builder-column-16 fusion_builder_column_1_3 1_3 fusion-flex-column\" style=\"--awb-bg-image:url(&#039;https:\/\/www.suoredellepoverelle.it\/ita\/wp-content\/uploads\/2021\/01\/Immagine21.jpg&#039;);--awb-bg-size:cover;--awb-width-large:33.333333333333%;--awb-margin-top-large:0px;--awb-spacing-right-large:5.76%;--awb-margin-bottom-large:20px;--awb-spacing-left-large:5.76%;--awb-width-medium:100%;--awb-order-medium:0;--awb-spacing-right-medium:1.92%;--awb-spacing-left-medium:1.92%;--awb-width-small:100%;--awb-order-small:0;--awb-spacing-right-small:1.92%;--awb-spacing-left-small:1.92%;\"><div class=\"fusion-column-wrapper fusion-column-has-shadow fusion-flex-justify-content-flex-start fusion-content-layout-column fusion-empty-column-bg-image fusion-column-has-bg-image\" data-bg-url=\"https:\/\/www.suoredellepoverelle.it\/ita\/wp-content\/uploads\/2021\/01\/Immagine21.jpg\"><img decoding=\"async\" class=\"fusion-empty-dims-img-placeholder\" aria-label=\"Immagine21\" src=\"data:image\/svg+xml,%3Csvg%20xmlns%3D%27http%3A%2F%2Fwww.w3.org%2F2000%2Fsvg%27%20width%3D%27457%27%20height%3D%27569%27%20viewBox%3D%270%200%20457%20569%27%3E%3Crect%20width%3D%27457%27%20height%3D%27569%27%20fill-opacity%3D%220%22%2F%3E%3C%2Fsvg%3E\"><\/div><\/div><\/div><\/div><div class=\"fusion-fullwidth fullwidth-box fusion-builder-row-7 fusion-flex-container nonhundred-percent-fullwidth non-hundred-percent-height-scrolling\" style=\"--awb-border-radius-top-left:0px;--awb-border-radius-top-right:0px;--awb-border-radius-bottom-right:0px;--awb-border-radius-bottom-left:0px;--awb-flex-wrap:wrap;\" ><div class=\"fusion-builder-row fusion-row fusion-flex-align-items-flex-start fusion-flex-content-wrap\" style=\"max-width:1216.8px;margin-left: calc(-4% \/ 2 );margin-right: calc(-4% \/ 2 );\"><div class=\"fusion-layout-column fusion_builder_column fusion-builder-column-17 fusion_builder_column_1_1 1_1 fusion-flex-column\" style=\"--awb-bg-size:cover;--awb-width-large:100%;--awb-margin-top-large:0px;--awb-spacing-right-large:1.92%;--awb-margin-bottom-large:20px;--awb-spacing-left-large:1.92%;--awb-width-medium:100%;--awb-order-medium:0;--awb-spacing-right-medium:1.92%;--awb-spacing-left-medium:1.92%;--awb-width-small:100%;--awb-order-small:0;--awb-spacing-right-small:1.92%;--awb-spacing-left-small:1.92%;\"><div class=\"fusion-column-wrapper fusion-column-has-shadow fusion-flex-justify-content-flex-start fusion-content-layout-column\"><div class=\"fusion-title title fusion-title-6 fusion-title-text fusion-title-size-three\"><div class=\"title-sep-container title-sep-container-left fusion-no-large-visibility fusion-no-medium-visibility fusion-no-small-visibility\"><div class=\"title-sep sep- sep-solid\" style=\"border-color:#e2e2e2;\"><\/div><\/div><span class=\"awb-title-spacer fusion-no-large-visibility fusion-no-medium-visibility fusion-no-small-visibility\"><\/span><h3 class=\"fusion-title-heading title-heading-left fusion-responsive-typography-calculated\" style=\"margin:0;--fontSize:28;line-height:1.6;\">Suor Vitarosa Zorza<\/h3><span class=\"awb-title-spacer\"><\/span><div class=\"title-sep-container title-sep-container-right\"><div class=\"title-sep sep- sep-solid\" style=\"border-color:#e2e2e2;\"><\/div><\/div><\/div><div class=\"fusion-separator fusion-full-width-sep\" style=\"align-self: center;margin-left: auto;margin-right: auto;margin-bottom:50px;width:100%;\"><div class=\"fusion-separator-border sep-double sep-solid\" style=\"--awb-height:20px;--awb-amount:20px;--awb-sep-color:#ff9800;border-color:#ff9800;border-top-width:1px;border-bottom-width:1px;\"><\/div><\/div><\/div><\/div><div class=\"fusion-layout-column fusion_builder_column fusion-builder-column-18 fusion_builder_column_1_3 1_3 fusion-flex-column\" style=\"--awb-bg-image:url(&#039;https:\/\/www.suoredellepoverelle.it\/ita\/wp-content\/uploads\/2021\/01\/Immagine36.jpg&#039;);--awb-bg-size:cover;--awb-width-large:33.333333333333%;--awb-margin-top-large:0px;--awb-spacing-right-large:5.76%;--awb-margin-bottom-large:20px;--awb-spacing-left-large:5.76%;--awb-width-medium:100%;--awb-order-medium:0;--awb-spacing-right-medium:1.92%;--awb-spacing-left-medium:1.92%;--awb-width-small:100%;--awb-order-small:0;--awb-spacing-right-small:1.92%;--awb-spacing-left-small:1.92%;\"><div class=\"fusion-column-wrapper fusion-column-has-shadow fusion-flex-justify-content-flex-start fusion-content-layout-column fusion-empty-column-bg-image fusion-column-has-bg-image\" data-bg-url=\"https:\/\/www.suoredellepoverelle.it\/ita\/wp-content\/uploads\/2021\/01\/Immagine36.jpg\"><img decoding=\"async\" class=\"fusion-empty-dims-img-placeholder\" aria-label=\"Immagine36\" src=\"data:image\/svg+xml,%3Csvg%20xmlns%3D%27http%3A%2F%2Fwww.w3.org%2F2000%2Fsvg%27%20width%3D%27582%27%20height%3D%27870%27%20viewBox%3D%270%200%20582%20870%27%3E%3Crect%20width%3D%27582%27%20height%3D%27870%27%20fill-opacity%3D%220%22%2F%3E%3C%2Fsvg%3E\"><\/div><\/div><div class=\"fusion-layout-column fusion_builder_column fusion-builder-column-19 fusion_builder_column_2_3 2_3 fusion-flex-column\" style=\"--awb-bg-size:cover;--awb-width-large:66.666666666667%;--awb-margin-top-large:0px;--awb-spacing-right-large:2.88%;--awb-margin-bottom-large:20px;--awb-spacing-left-large:2.88%;--awb-width-medium:100%;--awb-order-medium:0;--awb-spacing-right-medium:1.92%;--awb-spacing-left-medium:1.92%;--awb-width-small:100%;--awb-order-small:0;--awb-spacing-right-small:1.92%;--awb-spacing-left-small:1.92%;\"><div class=\"fusion-column-wrapper fusion-column-has-shadow fusion-flex-justify-content-flex-start fusion-content-layout-column\"><div class=\"fusion-audio fusion-audio-6\" style=\"--awb-progress-color:#ffffff;--awb-border-color:var(--awb-color1);--awb-background-color:#222222;--awb-max-width:100%;--awb-border-size:0;--awb-border-top-left-radius:0px;--awb-border-top-right-radius:0px;--awb-border-bottom-right-radius:0px;--awb-border-bottom-left-radius:0px;\"><audio class=\"wp-audio-shortcode\" id=\"audio-3347-6\" preload=\"none\" style=\"width: 100%;\" controls=\"controls\"><source type=\"audio\/mpeg\" src=\"https:\/\/www.suoredellepoverelle.it\/ita\/wp-content\/uploads\/2021\/01\/Suor-Vitarosa.mp3?_=6\" \/><a href=\"https:\/\/www.suoredellepoverelle.it\/ita\/wp-content\/uploads\/2021\/01\/Suor-Vitarosa.mp3\">https:\/\/www.suoredellepoverelle.it\/ita\/wp-content\/uploads\/2021\/01\/Suor-Vitarosa.mp3<\/a><\/audio><\/div><div class=\"fusion-separator fusion-full-width-sep\" style=\"align-self: center;margin-left: auto;margin-right: auto;margin-bottom:50px;width:100%;\"><\/div><div class=\"fusion-text fusion-text-7\"><p style=\"text-align: justify;\">A Torre de\u2019 Passeri di Palosco (BG), nella campagna bergamasca, terra laboriosa e forte, nel 1943 nasce Maria Rosa Zorza. Pap\u00e0 Angelo \u00e8 fattore e, a motivo del suo lavoro, ogni tanto cambia contesto di vita con tutta la famiglia. Maria Rosa, la minore dopo gli altri sei fratelli, cresce respirando, con l\u2019aria delle cascine, quella di fede e di sacrificio, con il Rosario tutti insieme alla sera e la fiducia nella Provvidenza sempre. Nel 1945 muore mamma Maria a soli 38 anni, e Maria Rosa, priva di lei a due anni, \u00e8 affidata alla nonna paterna Faustina. Nel 1949 il pap\u00e0 si risposa, nascono altri due fratellini, e Maria Rosa ancora negli anni delle scuole elementari, nelle ore libere si occupa di loro, poich\u00e9 la mamma, gracile di salute \u00e8 spesso ammalata.<\/p>\n<div class='yrm-content yrm-content-1 yrm-content-hide  ' id='yrm-kaQp8' data-id='1' data-show-status='false' data-after-action='' style=\"visibility: hidden;height: 0;\">\n\t\t\t<div id='yrm-inner-content-yrm-kaQp8' class='yrm-inner-content-wrapper yrm-cntent-1'><\/p>\n<p style=\"text-align: justify;\">A sette anni si trasferisce con la famiglia a Cavernago e, terminate le elementari si avvia subito al lavoro in una fabbrica di manici di ombrelli a Telgate. Cresce, \u00e8 un\u2019adolescente buona, disponibile, benvoluta da tutti. A diciassette anni ritorna a Palosco, Torre de\u2019 Passeri, si innamora di un giovane, ma si chiede anche quale sia veramente il progetto di Dio su di lei. In ricerca, vive un\u2019esperienza di lavoro a Varese, in un Ospedale psichiatrico dove operano le Suore delle Poverelle e, tra quei pazienti spesso gravi, immagini viventi del Cristo in croce, decide di consegnare totalmente a Lui la sua vita.<\/p>\n<p style=\"text-align: justify;\">Nel 1966 entra nella famiglia delle Poverelle, alla Vestizione riceve il nome di Suor Vitarosa, nel 1969 emette la Prima Professione religiosa. Sempre lieta, infaticabile, frequenta la Scuola per infermiere professionali e si specializza in geriatria; svolge il suo servizio a Milano Palazzolo, poi nella Casa di riposo a Torre Boldone (BG) e di nuovo a Varese tra i malati psichici. \u00c8 disponibile sempre, grazie all\u2019esperienza vissuta in famiglia, ed anche per una speciale sintonia con il Fondatore: \u201cSe vi dicono di cantare, cantate\u2026 se no tacete\u2026\u201d.<\/p>\n<p style=\"text-align: justify;\">Nel 1980, per la terza volta, chiede di essere inviata in missione, supera ogni ostacolo compresa la difficolt\u00e0 della lingua, e finalmente nell\u2019ottobre 1982 giunge a Kikwit, in Congo. Sconcertata dalle povert\u00e0 e sofferenze che incontra, si dedica ai bambini denutriti e ai pi\u00f9 bisognosi tra quanti versano nella miseria pi\u00f9 degradante. Scrive ai familiari, coinvolgendoli, raccontando le situazioni di grande povert\u00e0 ed il dramma di chi vive ogni giorno nelle privazioni anche di ci\u00f2 che \u00e8 pi\u00f9 necessario.<\/p>\n<p style=\"text-align: justify;\">Nel 1991, colpita da ischemia, rientra in Italia, ma rimessa in salute vuol subito ripartire: rester\u00e0 a Kingasani, uno dei quartieri pi\u00f9 poveri e popolosi di Kinshasa. In un quadro sociale preoccupante, con terribile crisi economica e politica, saccheggi e uccisioni, lavora instancabilmente, ha cuore per tutti, soprattutto malati e denutriti.<\/p>\n<p style=\"text-align: justify;\">Il 25 aprile 1995 muore Suor Floralba, e dopo di lei numerosi fratelli africani, e le altre tre Suore. Suor Vitarosa non riesce a resistere: sente di dover partire e, ottenuto il permesso, con una valigia carica di medicinali, parte cantando: \u201cSe Ges\u00f9 Cristo ti chiama, accetta di servirlo con tutto il cuore\u201d.<\/p>\n<p style=\"text-align: justify;\">Si prodiga senza risparmio per le sorelle contagiate a fianco di Suor Annelvira, la Superiora Provinciale; contagiata lei pure, va in isolamento e, dopo la morte di Suor Annelvira, sola, nella casetta dell\u2019olocausto, con la consapevolezza per cui dice chiaramente \u201cOra tocca a me\u201d, muore il 28 maggio 1995.<\/p>\n<p><\/div>\n\t\t<\/div><div class='yrm-btn-wrapper yrm-inline-wrapper yrm-btn-wrapper-1  yrm-more-button-wrapper '><span title='' data-less-title='' data-more-title=''  class='yrm-toggle-expand  yrm-toggle-expand-1' data-rel='yrm-kaQp8' data-more='Leggi di pi\u00f9' data-less='Chiudi' style='border: none; width: 100%;'><span class=\"yrm-button-text-1 yrm-button-text-span\">Leggi di pi\u00f9<\/span><\/span><\/div>\n<\/div><\/div><\/div><\/div><\/div><\/p>\n","protected":false},"excerpt":{"rendered":"","protected":false},"author":1,"featured_media":0,"parent":0,"menu_order":0,"comment_status":"closed","ping_status":"closed","template":"100-width.php","meta":{"om_disable_all_campaigns":false,"_monsterinsights_skip_tracking":false,"_monsterinsights_sitenote_active":false,"_monsterinsights_sitenote_note":"","_monsterinsights_sitenote_category":0,"_price":"","_stock":"","_tribe_ticket_header":"","_tribe_default_ticket_provider":"","_ticket_start_date":"","_ticket_end_date":"","_tribe_ticket_show_description":"","_tribe_ticket_show_not_going":false,"_tribe_ticket_use_global_stock":"","_tribe_ticket_global_stock_level":"","_global_stock_mode":"","_global_stock_cap":"","_tribe_rsvp_for_event":"","_tribe_ticket_going_count":"","_tribe_ticket_not_going_count":"","_tribe_tickets_list":"[]","_tribe_ticket_has_attendee_info_fields":false,"footnotes":"","_tec_slr_enabled":"","_tec_slr_layout":""},"class_list":["post-3347","page","type-page","status-publish","hentry"],"aioseo_notices":[],"ticketed":false,"_links":{"self":[{"href":"https:\/\/www.suoredellepoverelle.it\/ita\/wp-json\/wp\/v2\/pages\/3347","targetHints":{"allow":["GET"]}}],"collection":[{"href":"https:\/\/www.suoredellepoverelle.it\/ita\/wp-json\/wp\/v2\/pages"}],"about":[{"href":"https:\/\/www.suoredellepoverelle.it\/ita\/wp-json\/wp\/v2\/types\/page"}],"author":[{"embeddable":true,"href":"https:\/\/www.suoredellepoverelle.it\/ita\/wp-json\/wp\/v2\/users\/1"}],"replies":[{"embeddable":true,"href":"https:\/\/www.suoredellepoverelle.it\/ita\/wp-json\/wp\/v2\/comments?post=3347"}],"version-history":[{"count":44,"href":"https:\/\/www.suoredellepoverelle.it\/ita\/wp-json\/wp\/v2\/pages\/3347\/revisions"}],"predecessor-version":[{"id":4591,"href":"https:\/\/www.suoredellepoverelle.it\/ita\/wp-json\/wp\/v2\/pages\/3347\/revisions\/4591"}],"wp:attachment":[{"href":"https:\/\/www.suoredellepoverelle.it\/ita\/wp-json\/wp\/v2\/media?parent=3347"}],"curies":[{"name":"wp","href":"https:\/\/api.w.org\/{rel}","templated":true}]}}